{"id":310,"date":"2025-02-18T09:22:15","date_gmt":"2025-02-18T09:22:15","guid":{"rendered":"https:\/\/ralphvonkaufmann.com\/?page_id=310"},"modified":"2026-04-22T13:24:48","modified_gmt":"2026-04-22T13:24:48","slug":"kunstausstellung","status":"publish","type":"page","link":"https:\/\/ralphvonkaufmann.com\/en\/kunstausstellung\/","title":{"rendered":"Kunstausstellung"},"content":{"rendered":"\n<div class=\"gb-element-d168f52f\">\n<div style=\"height:1rem\" aria-hidden=\"true\" class=\"wp-block-spacer\"><\/div>\n\n\n\n<h1 class=\"wp-block-heading has-text-align-center\" style=\"font-size:clamp(3.8rem, 3.8rem + ((1vw - 0.2rem) * 5.25), 8rem);\">Ausstellungen<\/h1>\n\n\n\n<div style=\"height:1rem\" aria-hidden=\"true\" class=\"wp-block-spacer\"><\/div>\n<\/div>\n\n\n\n<div class=\"gb-element-89a543d4\">\n<h2 class=\"wp-block-heading has-text-align-center\">demn\u00e4chst&#8230;<\/h2>\n\n\n\n<div class=\"wp-block-columns is-layout-flex wp-container-core-columns-is-layout-28f84493 wp-block-columns-is-layout-flex\">\n<div class=\"wp-block-column is-layout-flow wp-block-column-is-layout-flow\" style=\"flex-basis:33.33%\">\n<div>\n<h3 class=\"wp-block-heading\">KunstSchaffen 2026<\/h3>\n<\/div>\n\n\n\n<figure class=\"wp-block-image size-medium\"><img loading=\"lazy\" decoding=\"async\" width=\"213\" height=\"300\" src=\"https:\/\/ralphvonkaufmann.com\/wp-content\/uploads\/2026\/04\/RZ_RB_Kunstschaffen-Plakat-A3-final-1-213x300.jpg\" alt=\"\" class=\"wp-image-1081\" srcset=\"https:\/\/ralphvonkaufmann.com\/wp-content\/uploads\/2026\/04\/RZ_RB_Kunstschaffen-Plakat-A3-final-1-213x300.jpg 213w, https:\/\/ralphvonkaufmann.com\/wp-content\/uploads\/2026\/04\/RZ_RB_Kunstschaffen-Plakat-A3-final-1-728x1024.jpg 728w, https:\/\/ralphvonkaufmann.com\/wp-content\/uploads\/2026\/04\/RZ_RB_Kunstschaffen-Plakat-A3-final-1-768x1080.jpg 768w, https:\/\/ralphvonkaufmann.com\/wp-content\/uploads\/2026\/04\/RZ_RB_Kunstschaffen-Plakat-A3-final-1-9x12.jpg 9w, https:\/\/ralphvonkaufmann.com\/wp-content\/uploads\/2026\/04\/RZ_RB_Kunstschaffen-Plakat-A3-final-1.jpg 859w\" sizes=\"auto, (max-width: 213px) 100vw, 213px\" \/><\/figure>\n<\/div>\n\n\n\n<div class=\"wp-block-column is-layout-flow wp-block-column-is-layout-flow\" style=\"flex-basis:66.66%\">\n<div>\n<h4 class=\"wp-block-heading\">Robbe &amp; Berking Classics<\/h4>\n\n\n\n<h4 class=\"wp-block-heading\">05. Juni bis 05. Juli 2026<\/h4>\n\n\n\n<h4 class=\"wp-block-heading\">Vernissage: 05. Juni 2026, 17 Uhr<\/h4>\n\n\n\n<p>Robbe &amp; Berking Museum<\/p>\n\n\n\n<p>Harniskai 13, 24937 Flensburg<\/p>\n\n\n\n<p>Dienstag bis Sonntag 11 &#8211; 17 Uhr<\/p>\n<\/div>\n<\/div>\n<\/div>\n\n\n\n<div style=\"height:2rem\" aria-hidden=\"true\" class=\"wp-block-spacer\"><\/div>\n\n\n\n<div class=\"wp-block-columns is-layout-flex wp-container-core-columns-is-layout-28f84493 wp-block-columns-is-layout-flex\">\n<div class=\"wp-block-column is-layout-flow wp-block-column-is-layout-flow\" style=\"flex-basis:33.33%\">\n<div>\n<h3 class=\"wp-block-heading\">altonale Kunstmarkt<\/h3>\n<\/div>\n\n\n\n<figure class=\"wp-block-image size-medium\"><img loading=\"lazy\" decoding=\"async\" width=\"300\" height=\"300\" src=\"https:\/\/ralphvonkaufmann.com\/wp-content\/uploads\/2025\/04\/Key-Visual-2025_Layouts5-300x300.jpg\" alt=\"\" class=\"wp-image-900\" srcset=\"https:\/\/ralphvonkaufmann.com\/wp-content\/uploads\/2025\/04\/Key-Visual-2025_Layouts5-300x300.jpg 300w, https:\/\/ralphvonkaufmann.com\/wp-content\/uploads\/2025\/04\/Key-Visual-2025_Layouts5-1024x1024.jpg 1024w, https:\/\/ralphvonkaufmann.com\/wp-content\/uploads\/2025\/04\/Key-Visual-2025_Layouts5-150x150.jpg 150w, https:\/\/ralphvonkaufmann.com\/wp-content\/uploads\/2025\/04\/Key-Visual-2025_Layouts5-768x768.jpg 768w, https:\/\/ralphvonkaufmann.com\/wp-content\/uploads\/2025\/04\/Key-Visual-2025_Layouts5-1536x1536.jpg 1536w, https:\/\/ralphvonkaufmann.com\/wp-content\/uploads\/2025\/04\/Key-Visual-2025_Layouts5-12x12.jpg 12w, https:\/\/ralphvonkaufmann.com\/wp-content\/uploads\/2025\/04\/Key-Visual-2025_Layouts5.jpg 1638w\" sizes=\"auto, (max-width: 300px) 100vw, 300px\" \/><\/figure>\n<\/div>\n\n\n\n<div class=\"wp-block-column is-layout-flow wp-block-column-is-layout-flow\" style=\"flex-basis:66.66%\">\n<div>\n<h4 class=\"wp-block-heading\">auf der Christianswiese<\/h4>\n\n\n\n<h4 class=\"wp-block-heading\">20. &amp; 21. Juni 2026<\/h4>\n\n\n\n<p>Betty-Levi-Passage, 22765 Hamburg<\/p>\n<\/div>\n<\/div>\n<\/div>\n<\/div>\n\n\n\n<hr class=\"wp-block-separator alignwide has-text-color has-palette-color-2-color has-alpha-channel-opacity has-palette-color-2-background-color has-background is-style-default\"\/>\n\n\n\n<div style=\"height:2rem\" aria-hidden=\"true\" class=\"wp-block-spacer\"><\/div>\n\n\n\n<div class=\"gb-element-cf9c85b6\">\n<h2 class=\"wp-block-heading has-text-align-center\">Chronik<\/h2>\n<\/div>\n\n\n\n<figure class=\"wp-block-table alignwide is-style-stripes\" style=\"padding-right:1rem;padding-left:1rem\"><table class=\"has-fixed-layout\" style=\"border-width:1px\"><tbody><tr><td>2025 Nov<\/td><td>Kunstherbst altonale, Hamburg<\/td><\/tr><tr><td>2025 Jul<\/td><td>altonale Kunstmarkt, Hamburg<\/td><\/tr><tr><td>2025 Jun\/Jul<\/td><td>Wer ist hier das Tier, Gruppenausstellung, Pop Up Art Galerie Waitzstra\u00dfe, Hamburg<\/td><\/tr><tr><td>2025 M\u00e4r\/Apr\/Mai\/Jun<\/td><td>Mein Freund der Baum, Gruppenausstellung, Herbert-Gerisch-Stiftung, Neum\u00fcnster<\/td><\/tr><tr><td>2025 Apr<\/td><td>HolstenArt, Neum\u00fcnster<\/td><\/tr><tr><td>2024 Nov<\/td><td>Kunstherbst altonale, Hamburg<\/td><\/tr><tr><td>2024 Sep<\/td><td>Mercado, Hamburg<\/td><\/tr><tr><td>2024 Jul<\/td><td>Pop Up Art Galerie Waitzstra\u00dfe, Hamburg<\/td><\/tr><tr><td>2024 Mai<\/td><td>Kulturwerkstatt Alte Brot Fabrik, Hamburg<\/td><\/tr><tr><td>2024 Mai<\/td><td>Huntenkunst, Ulft, Niederlande<\/td><\/tr><tr><td>2024M\u00e4r\/Apr\/Mai<\/td><td>Gemeinschaftsausstellung 250 Druckgrafiken f\u00fcr Caspar David Friedrich, Greifswald<\/td><\/tr><tr><td>2024 Apr<\/td><td>HolstenArt, Neum\u00fcnster<\/td><\/tr><tr><td>2023 Dez<\/td><td>Pop Up X-Mas Art im Jupiter, Hamburg<\/td><\/tr><tr><td>2023 Sep<\/td><td>Schwarz auf Wei\u00df, Pop Up Art Galerie im Jupiter, Hamburg<\/td><\/tr><tr><td>2023 Mai<\/td><td>Huntenkunst, Ulft, Niederlande<\/td><\/tr><tr><td>2023 Apr<\/td><td>Ank\u00e4ufe durch die Herbert-Gerisch-Stiftung, Neum\u00fcnster<\/td><\/tr><tr><td>2023 Apr<\/td><td>HolstenArt, Neum\u00fcnster<\/td><\/tr><tr><td>2022\/2023 Nov\/Dez\/Jan<\/td><td>Arbeiten auf Papier, Gruppenausstellung zum Daniel-Henry-Kahnweiler-Preis, Museum Pachen, Rockenhausen<\/td><\/tr><tr><td>2022 Jun<\/td><td>Hamburg zeigt Kunst, Altona Cruise Center, Hamburg<\/td><\/tr><tr><td>2022 Mai<\/td><td>Huntenkunst, Ulft, Niederlande<\/td><\/tr><tr><td>2022 Mai<\/td><td>Cross-Art L\u00fcbecker Bucht, Timmendorfer Strand<\/td><\/tr><tr><td>2021 Nov<\/td><td>AlsterArt, Hamburg<\/td><\/tr><tr><td>2019\/2020 Nov\/Dez\/Jan<\/td><td>Tiefenthal, Solo-Ausstellung, Hamburg<\/td><\/tr><tr><td>2019 Nov<\/td><td>AlsterArt, Hamburg<\/td><\/tr><tr><td>2019 Apr<\/td><td>Kunstschimmer, Ulm<\/td><\/tr><tr><td>2018 Nov\/Dez<\/td><td>Jahresausstellung Schlo\u00df Zweibr\u00fcggen, \u00dcbach-Palenberg<\/td><\/tr><tr><td>2018 Nov<\/td><td>AlsterArt, Hamburg<\/td><\/tr><tr><td>2018 Aug<\/td><td>Hamburg zeigt Kunst, \u00dcberseeboulevard, Hamburg<\/td><\/tr><tr><td>2017\/2018 Nov\/Dez\/Jan<\/td><td>Arbeiten auf Papier, Gruppenausstellung zum Daniel-Henry-Kahnweiler-Preis, Museum Pachen, Rockenhausen<\/td><\/tr><tr><td>2017 Okt<\/td><td>Hamburg zeigt Kunst, Galerie biczo &amp; emily im Oberhafen-Quartier, Hamburg<\/td><\/tr><tr><td>2017 Jun\/Jul<\/td><td>Urban Details, Harms &amp; Schacht, Solo-Ausstellung, Hamburg<\/td><\/tr><tr><td>2017 Jun<\/td><td>Kunst altonale, Hamburg<\/td><\/tr><tr><td>2017 Feb<\/td><td>xpon goes x, Gruppenausstellung, xpon-art Galerie, Hamburg<\/td><\/tr><tr><td>2016\/2017 Nov\/Dez\/Jan<\/td><td>Tiefenthal, Solo-Ausstellung, Hamburg<\/td><\/tr><tr><td>2016 Nov<\/td><td>Kunstherbst altonale, Hamburg<\/td><\/tr><tr><td>2016 Sep<\/td><td>Gruppenausstellung anl\u00e4\u00dflich des Perron-Kunstpreises der Stadt Frankenthal (Pfalz)<\/td><\/tr><tr><td>2016 Mai<\/td><td>begehren, Gruppenausstellung anl\u00e4\u00dflich des 9. Heise Kunstpreises f\u00fcr Grafik &amp; Malerei, Dessau<\/td><\/tr><tr><td>2016 Mai<\/td><td>Artiges 2016, Gruppenausstellung zur Kunst-Biennale, Ottobrunn\/M\u00fcnchen<\/td><\/tr><tr><td>2015 Nov<\/td><td>mit der Galerie \u201eOnly Art Club\u201c auf der Affordable Art Fair Hamburg<\/td><\/tr><tr><td>2015 Okt<\/td><td>Selected Prints &amp; Originals,&nbsp; Gruppenausstellung, Only Art Club, Hamburg<\/td><\/tr><tr><td>2015 Jul<\/td><td>Only Unusual. A Special Way Of Creating Art, Gruppenausstellung, Only Art Club, Hamburg<\/td><\/tr><tr><td>2015 Jun<\/td><td>Urban Details, Gruppenausstellung zur Phototrienale in der Bucerius Law School, Hamburg<\/td><\/tr><tr><td>2015 Jun<\/td><td>un[d]perfekt, Gruppenausstellung, xpon-art Galerie, Hamburg<\/td><\/tr><tr><td>2014<\/td><td>wald | licht, Gruppenausstellung, St\u00e4dtische Galerie, Neunkirchen<\/td><\/tr><tr><td>2013<\/td><td>wald | licht, Gruppenausstellung, Theodor Zink Museum, Kaiserslautern<\/td><\/tr><tr><td>2013<\/td><td>wald | licht, Gruppenausstellung, Tuchfabrik, Trier<\/td><\/tr><tr><td>2013<\/td><td>wald | licht, Gruppenausstellung, Galerie der Hochschule der Bildenden K\u00fcnste Saar, Saarbr\u00fccken<\/td><\/tr><\/tbody><\/table><\/figure>\n\n\n\n<div style=\"height:3rem\" aria-hidden=\"true\" class=\"wp-block-spacer\"><\/div>\n\n\n\n<div class=\"gb-element-c4ebd0bf\">\n<div class=\"wp-block-columns is-layout-flex wp-container-core-columns-is-layout-28f84493 wp-block-columns-is-layout-flex\">\n<div class=\"wp-block-column is-vertically-aligned-center is-layout-flow wp-block-column-is-layout-flow\">\n<div class=\"gb-element-3fefacc5\">\n<h3 class=\"wp-block-heading has-text-align-right has-medium-font-size\">Teilen Sie die Seite mit Anderen<\/h3>\n\n\n<div class=\"ct-block-wrapper\">\n<div class=\"ct-shares-block\" style=\"--theme-icon-size:30px;--items-spacing:10px;\">\n\t\t<div class=\"ct-share-box\" data-type=\"type-3\" >\n\t\t\t\n\t\t\t<div data-icons-type=\"simple\" data-color=\"default\">\n\t\t\t\t\t\t\t\n\t\t\t\t<a href=\"https:\/\/www.facebook.com\/sharer\/sharer.php?u=https%3A%2F%2Fralphvonkaufmann.com%2Fen%2Fkunstausstellung%2F\" data-network=\"facebook\" aria-label=\"Facebook\" rel=\"noopener noreferrer nofollow\">\n\t\t\t\t\t<span class=\"ct-icon-container\">\n\t\t\t\t\t<svg\n\t\t\t\t\twidth=\"20px\"\n\t\t\t\t\theight=\"20px\"\n\t\t\t\t\tviewBox=\"0 0 20 20\"\n\t\t\t\t\taria-hidden=\"true\">\n\t\t\t\t\t\t<path d=\"M20,10.1c0-5.5-4.5-10-10-10S0,4.5,0,10.1c0,5,3.7,9.1,8.4,9.9v-7H5.9v-2.9h2.5V7.9C8.4,5.4,9.9,4,12.2,4c1.1,0,2.2,0.2,2.2,0.2v2.5h-1.3c-1.2,0-1.6,0.8-1.6,1.6v1.9h2.8L13.9,13h-2.3v7C16.3,19.2,20,15.1,20,10.1z\"\/>\n\t\t\t\t\t<\/svg>\n\t\t\t\t<\/span>\t\t\t\t<\/a>\n\t\t\t\t\t\t\t\n\t\t\t\t<a href=\"#\" data-network=\"pinterest\" aria-label=\"Pinterest\" rel=\"noopener noreferrer nofollow\">\n\t\t\t\t\t<span class=\"ct-icon-container\">\n\t\t\t\t\t<svg\n\t\t\t\t\twidth=\"20px\"\n\t\t\t\t\theight=\"20px\"\n\t\t\t\t\tviewBox=\"0 0 20 20\"\n\t\t\t\t\taria-hidden=\"true\">\n\t\t\t\t\t\t<path d=\"M10,0C4.5,0,0,4.5,0,10c0,4.1,2.5,7.6,6,9.2c0-0.7,0-1.5,0.2-2.3c0.2-0.8,1.3-5.4,1.3-5.4s-0.3-0.6-0.3-1.6c0-1.5,0.9-2.6,1.9-2.6c0.9,0,1.3,0.7,1.3,1.5c0,0.9-0.6,2.3-0.9,3.5c-0.3,1.1,0.5,1.9,1.6,1.9c1.9,0,3.2-2.4,3.2-5.3c0-2.2-1.5-3.8-4.2-3.8c-3,0-4.9,2.3-4.9,4.8c0,0.9,0.3,1.5,0.7,2C6,12,6.1,12.1,6,12.4c0,0.2-0.2,0.6-0.2,0.8c-0.1,0.3-0.3,0.3-0.5,0.3c-1.4-0.6-2-2.1-2-3.8c0-2.8,2.4-6.2,7.1-6.2c3.8,0,6.3,2.8,6.3,5.7c0,3.9-2.2,6.9-5.4,6.9c-1.1,0-2.1-0.6-2.4-1.2c0,0-0.6,2.3-0.7,2.7c-0.2,0.8-0.6,1.5-1,2.1C8.1,19.9,9,20,10,20c5.5,0,10-4.5,10-10C20,4.5,15.5,0,10,0z\"\/>\n\t\t\t\t\t<\/svg>\n\t\t\t\t<\/span>\t\t\t\t<\/a>\n\t\t\t\t\t\t\t\n\t\t\t\t<a href=\"https:\/\/www.linkedin.com\/shareArticle?url=https%3A%2F%2Fralphvonkaufmann.com%2Fen%2Fkunstausstellung%2F&amp;title=Kunstausstellung\" data-network=\"linkedin\" aria-label=\"LinkedIn\" rel=\"noopener noreferrer nofollow\">\n\t\t\t\t\t<span class=\"ct-icon-container\">\n\t\t\t\t\t<svg\n\t\t\t\t\twidth=\"20px\"\n\t\t\t\t\theight=\"20px\"\n\t\t\t\t\tviewBox=\"0 0 20 20\"\n\t\t\t\t\taria-hidden=\"true\">\n\t\t\t\t\t\t<path d=\"M18.6,0H1.4C0.6,0,0,0.6,0,1.4v17.1C0,19.4,0.6,20,1.4,20h17.1c0.8,0,1.4-0.6,1.4-1.4V1.4C20,0.6,19.4,0,18.6,0z M6,17.1h-3V7.6h3L6,17.1L6,17.1zM4.6,6.3c-1,0-1.7-0.8-1.7-1.7s0.8-1.7,1.7-1.7c0.9,0,1.7,0.8,1.7,1.7C6.3,5.5,5.5,6.3,4.6,6.3z M17.2,17.1h-3v-4.6c0-1.1,0-2.5-1.5-2.5c-1.5,0-1.8,1.2-1.8,2.5v4.7h-3V7.6h2.8v1.3h0c0.4-0.8,1.4-1.5,2.8-1.5c3,0,3.6,2,3.6,4.5V17.1z\"\/>\n\t\t\t\t\t<\/svg>\n\t\t\t\t<\/span>\t\t\t\t<\/a>\n\t\t\t\t\t\t\t\n\t\t\t\t<a href=\"https:\/\/reddit.com\/submit?url=https%3A%2F%2Fralphvonkaufmann.com%2Fen%2Fkunstausstellung%2F&amp;title=Kunstausstellung\" data-network=\"reddit\" aria-label=\"Reddit\" rel=\"noopener noreferrer nofollow\">\n\t\t\t\t\t<span class=\"ct-icon-container\">\n\t\t\t\t\t<svg\n\t\t\t\t\twidth=\"20px\"\n\t\t\t\t\theight=\"20px\"\n\t\t\t\t\tviewBox=\"0 0 20 20\"\n\t\t\t\t\taria-hidden=\"true\">\n\t\t\t\t\t\t<path d=\"M11.7,0.9c-0.9,0-2,0.7-2.1,3.9c0.1,0,0.3,0,0.4,0c0.2,0,0.3,0,0.5,0c0.1-1.9,0.6-3.1,1.3-3.1c0.3,0,0.5,0.2,0.8,0.5c0.4,0.4,0.9,0.9,1.8,1.1c0-0.1,0-0.2,0-0.4c0-0.2,0-0.4,0.1-0.5c-0.6-0.2-0.9-0.5-1.2-0.8C12.8,1.3,12.4,0.9,11.7,0.9z M16.9,1.3c-1,0-1.7,0.8-1.7,1.7s0.8,1.7,1.7,1.7s1.7-0.8,1.7-1.7S17.9,1.3,16.9,1.3z M10,5.7c-5.3,0-9.5,2.7-9.5,6.5s4.3,6.9,9.5,6.9s9.5-3.1,9.5-6.9S15.3,5.7,10,5.7z M2.4,6.1c-0.6,0-1.2,0.3-1.7,0.7C0,7.5-0.2,8.6,0.2,9.5C0.9,8.2,2,7.1,3.5,6.3C3.1,6.2,2.8,6.1,2.4,6.1z M17.6,6.1c-0.4,0-0.7,0.1-1.1,0.3c1.5,0.8,2.6,1.9,3.2,3.2c0.4-0.9,0.3-2-0.5-2.7C18.8,6.3,18.2,6.1,17.6,6.1z M6.5,9.6c0.7,0,1.3,0.6,1.3,1.3s-0.6,1.3-1.3,1.3s-1.3-0.6-1.3-1.3S5.8,9.6,6.5,9.6z M13.5,9.6c0.7,0,1.3,0.6,1.3,1.3s-0.6,1.3-1.3,1.3s-1.3-0.6-1.3-1.3S12.8,9.6,13.5,9.6z M6.1,14.3c0.1,0,0.2,0.1,0.3,0.2c0,0.1,1.1,1.4,3.6,1.4c2.6,0,3.6-1.4,3.6-1.4c0.1-0.2,0.4-0.2,0.6-0.1c0.2,0.1,0.2,0.4,0.1,0.6c-0.1,0.1-1.3,1.8-4.3,1.8c-3,0-4.2-1.7-4.3-1.8c-0.1-0.2-0.1-0.5,0.1-0.6C5.9,14.4,6,14.3,6.1,14.3z\"\/>\n\t\t\t\t\t<\/svg>\n\t\t\t\t<\/span>\t\t\t\t<\/a>\n\t\t\t\t\t\t\t\n\t\t\t\t<a href=\"whatsapp:\/\/send?text=https%3A%2F%2Fralphvonkaufmann.com%2Fen%2Fkunstausstellung%2F\" data-network=\"whatsapp\" aria-label=\"WhatsApp\" rel=\"noopener noreferrer nofollow\">\n\t\t\t\t\t<span class=\"ct-icon-container\">\n\t\t\t\t\t<svg\n\t\t\t\t\twidth=\"20px\"\n\t\t\t\t\theight=\"20px\"\n\t\t\t\t\tviewBox=\"0 0 20 20\"\n\t\t\t\t\taria-hidden=\"true\">\n\t\t\t\t\t\t<path d=\"M10,0C4.5,0,0,4.5,0,10c0,1.9,0.5,3.6,1.4,5.1L0.1,20l5-1.3C6.5,19.5,8.2,20,10,20c5.5,0,10-4.5,10-10S15.5,0,10,0zM6.6,5.3c0.2,0,0.3,0,0.5,0c0.2,0,0.4,0,0.6,0.4c0.2,0.5,0.7,1.7,0.8,1.8c0.1,0.1,0.1,0.3,0,0.4C8.3,8.2,8.3,8.3,8.1,8.5C8,8.6,7.9,8.8,7.8,8.9C7.7,9,7.5,9.1,7.7,9.4c0.1,0.2,0.6,1.1,1.4,1.7c0.9,0.8,1.7,1.1,2,1.2c0.2,0.1,0.4,0.1,0.5-0.1c0.1-0.2,0.6-0.7,0.8-1c0.2-0.2,0.3-0.2,0.6-0.1c0.2,0.1,1.4,0.7,1.7,0.8s0.4,0.2,0.5,0.3c0.1,0.1,0.1,0.6-0.1,1.2c-0.2,0.6-1.2,1.1-1.7,1.2c-0.5,0-0.9,0.2-3-0.6c-2.5-1-4.1-3.6-4.2-3.7c-0.1-0.2-1-1.3-1-2.6c0-1.2,0.6-1.8,0.9-2.1C6.1,5.4,6.4,5.3,6.6,5.3z\"\/>\n\t\t\t\t\t<\/svg>\n\t\t\t\t<\/span>\t\t\t\t<\/a>\n\t\t\t\t\t\t\t\n\t\t\t\t<a href=\"mailto:?subject=Kunstausstellung&amp;body=https%3A%2F%2Fralphvonkaufmann.com%2Fen%2Fkunstausstellung%2F\" data-network=\"email\" aria-label=\"Email\" rel=\"noopener noreferrer nofollow\">\n\t\t\t\t\t<span class=\"ct-icon-container\">\n\t\t\t\t\t<svg\n\t\t\t\t\twidth=\"20\"\n\t\t\t\t\theight=\"20\"\n\t\t\t\t\tviewBox=\"0 0 20 20\"\n\t\t\t\t\taria-hidden=\"true\">\n\t\t\t\t\t\t<path d=\"M10,10.1L0,4.7C0.1,3.2,1.4,2,3,2h14c1.6,0,2.9,1.2,3,2.8L10,10.1z M10,11.8c-0.1,0-0.2,0-0.4-0.1L0,6.4V15c0,1.7,1.3,3,3,3h4.9h4.3H17c1.7,0,3-1.3,3-3V6.4l-9.6,5.2C10.2,11.7,10.1,11.7,10,11.8z\"\/>\n\t\t\t\t\t<\/svg>\n\t\t\t\t<\/span>\t\t\t\t<\/a>\n\t\t\t\t\t\t\t\n\t\t\t\t<a href=\"https:\/\/threads.net\/intent\/post?text=https%3A%2F%2Fralphvonkaufmann.com%2Fen%2Fkunstausstellung%2F\" data-network=\"threads\" aria-label=\"Threads\" rel=\"noopener noreferrer nofollow\">\n\t\t\t\t\t<span class=\"ct-icon-container\">\n\t\t\t\t\t<svg\n\t\t\t\t\twidth=\"20\"\n\t\t\t\t\theight=\"20\"\n\t\t\t\t\tviewBox=\"0 0 20 20\"\n\t\t\t\t\taria-hidden=\"true\">\n\t\t\t\t\t\t<path d=\"M10.7 10.2c.5 0 1 .1 1.5.2-.1 1.1-.5 2.2-1.9 2.3-.6 0-1.1-.1-1.5-.5-.2-.2-.3-.4-.3-.9 0-.3.2-.6.5-.8.5-.2 1-.3 1.7-.3zM20 10c0 4.8 0 7.3-1.4 8.6C17.3 20 14.8 20 10 20s-7.3 0-8.6-1.4C0 17.3 0 14.8 0 10c0-4.9 0-7.3 1.4-8.6C2.7 0 5.1 0 10 0c4.9 0 7.3 0 8.6 1.4C20 2.7 20 5.2 20 10zM6.4 5.2c.9-.9 2.1-1.4 3.8-1.4 3.7 0 4.8 2.6 5 3.7l1.3-.3c-.3-1.1-1.6-4.7-6.3-4.7-2 0-3.5.6-4.7 1.8-1.3 1.4-2 3.5-1.9 6.2.1 4.4 2.6 7 6.5 7 3.3 0 5.7-1.9 5.7-4.5 0-1.7-.8-2.9-2.4-3.6-.2-2.4-1.6-3.3-3-3.4-2.2-.1-3 1.4-3.1 1.5l1.1.6s.5-.9 1.9-.8c.6 0 1.5.3 1.7 1.7-1.4-.3-2.8-.1-3.7.4-.6.4-1 1-1.1 1.7-.1.7.1 1.4.6 1.9.6.6 1.5 1 2.5.9 1.7-.1 2.7-1.3 3-3.1.8.5 1.1 1.1 1.1 2.2 0 1.8-1.9 3.2-4.4 3.2-4.6 0-5.2-4-5.2-5.7 0-1.7.2-3.9 1.6-5.3z\"\/>\n\t\t\t\t\t<\/svg>\n\t\t\t\t<\/span>\t\t\t\t<\/a>\n\t\t\t\t\t\t\t\n\t\t\t\t<a href=\"https:\/\/bsky.app\/intent\/compose?text=https%3A%2F%2Fralphvonkaufmann.com%2Fen%2Fkunstausstellung%2F\" data-network=\"bluesky\" aria-label=\"Bluesky\" rel=\"noopener noreferrer nofollow\">\n\t\t\t\t\t<span class=\"ct-icon-container\">\n\t\t\t\t\t<svg\n\t\t\t\t\twidth=\"20\"\n\t\t\t\t\theight=\"20\"\n\t\t\t\t\tviewBox=\"0 0 20 20\"\n\t\t\t\t\taria-hidden=\"true\">\n\t\t\t\t\t\t<path d=\"M4.3 2.4C6.6 4.1 9.1 7.6 10 9.5v5c0-.1 0 0-.1.3-.5 1.4-2.3 6.8-6.5 2.5C1.2 15 2.2 12.7 6.3 12c-2.3.4-4.9-.3-5.6-2.8C.5 8.5.1 3.9.1 3.3 0 .1 2.7 1.1 4.3 2.4Zm11.4 0c-2.3 1.7-4.8 5.2-5.7 7.1v5c0-.1 0 0 .1.3.5 1.4 2.3 6.8 6.5 2.5 2.2-2.3 1.2-4.6-2.9-5.3 2.3.4 4.9-.3 5.6-2.8.2-.7.6-5.3.6-5.9 0-3.1-2.7-2.1-4.3-.9Z\"\/>\n\t\t\t\t\t<\/svg>\n\t\t\t\t<\/span>\t\t\t\t<\/a>\n\t\t\t\n\t\t\t<\/div>\n\t\t\t\t\t<\/div>\n\n\t<\/div>\n<\/div><\/div>\n<\/div>\n\n\n\n<div class=\"wp-block-column is-vertically-aligned-center is-layout-flow wp-block-column-is-layout-flow\">\n<div class=\"gb-element-9f3b5012\">\n<figure class=\"wp-block-image size-thumbnail\"><img loading=\"lazy\" decoding=\"async\" width=\"150\" height=\"150\" src=\"https:\/\/ralphvonkaufmann.com\/wp-content\/uploads\/2025\/02\/tiefdruck2-150x150.jpg\" alt=\"\" class=\"wp-image-337\" srcset=\"https:\/\/ralphvonkaufmann.com\/wp-content\/uploads\/2025\/02\/tiefdruck2-150x150.jpg 150w, https:\/\/ralphvonkaufmann.com\/wp-content\/uploads\/2025\/02\/tiefdruck2-300x300.jpg 300w, https:\/\/ralphvonkaufmann.com\/wp-content\/uploads\/2025\/02\/tiefdruck2.jpg 413w\" sizes=\"auto, (max-width: 150px) 100vw, 150px\" \/><\/figure>\n<\/div>\n<\/div>\n\n\n\n<div class=\"wp-block-column is-vertically-aligned-center is-layout-flow wp-block-column-is-layout-flow\">\n<div class=\"gb-element-693b690b\">\n<p>Mobil: <span id=\"eeb-683840-452252\"><\/span><script type=\"text\/javascript\">(function() {var ml=\"49%B27365801\",mi=\"2430124:;5624:7659698\",o=\"\";for(var j=0,l=mi.length;j<l;j++) {o+=ml.charAt(mi.charCodeAt(j)-48);}document.getElementById(\"eeb-683840-452252\").innerHTML = decodeURIComponent(o);}());<\/script><noscript>*protected email*<\/noscript><\/p>\n\n\n\n<p>Fest: <span id=\"eeb-582606-646253\"><\/span><script type=\"text\/javascript\">(function() {var ml=\"813B02%649\",mi=\"653896548465420799175\",o=\"\";for(var j=0,l=mi.length;j<l;j++) {o+=ml.charAt(mi.charCodeAt(j)-48);}document.getElementById(\"eeb-582606-646253\").innerHTML = decodeURIComponent(o);}());<\/script><noscript>*protected email*<\/noscript><\/p>\n\n\n\n<p>Email: mail@ralphvonkaufmann.com<\/p>\n<\/div>\n<\/div>\n<\/div>\n<\/div>\n","protected":false},"excerpt":{"rendered":"<p>Ausstellungen demn\u00e4chst&#8230; KunstSchaffen 2026 Robbe &amp; Berking Classics 05. Juni bis 05. Juli 2026 Vernissage: 05. Juni 2026, 17 Uhr Robbe &amp; Berking Museum Harniskai 13, 24937 Flensburg Dienstag bis Sonntag 11 &#8211; 17 Uhr altonale Kunstmarkt auf der Christianswiese 20. &amp; 21. Juni 2026 Betty-Levi-Passage, 22765 Hamburg Chronik 2025 Nov Kunstherbst altonale, Hamburg 2025 [&hellip;]<\/p>\n","protected":false},"author":1,"featured_media":0,"parent":0,"menu_order":0,"comment_status":"closed","ping_status":"closed","template":"","meta":{"footnotes":""},"class_list":["post-310","page","type-page","status-publish","hentry"],"blocksy_meta":[],"_links":{"self":[{"href":"https:\/\/ralphvonkaufmann.com\/en\/wp-json\/wp\/v2\/pages\/310","targetHints":{"allow":["GET"]}}],"collection":[{"href":"https:\/\/ralphvonkaufmann.com\/en\/wp-json\/wp\/v2\/pages"}],"about":[{"href":"https:\/\/ralphvonkaufmann.com\/en\/wp-json\/wp\/v2\/types\/page"}],"author":[{"embeddable":true,"href":"https:\/\/ralphvonkaufmann.com\/en\/wp-json\/wp\/v2\/users\/1"}],"replies":[{"embeddable":true,"href":"https:\/\/ralphvonkaufmann.com\/en\/wp-json\/wp\/v2\/comments?post=310"}],"version-history":[{"count":47,"href":"https:\/\/ralphvonkaufmann.com\/en\/wp-json\/wp\/v2\/pages\/310\/revisions"}],"predecessor-version":[{"id":1082,"href":"https:\/\/ralphvonkaufmann.com\/en\/wp-json\/wp\/v2\/pages\/310\/revisions\/1082"}],"wp:attachment":[{"href":"https:\/\/ralphvonkaufmann.com\/en\/wp-json\/wp\/v2\/media?parent=310"}],"curies":[{"name":"wp","href":"https:\/\/api.w.org\/{rel}","templated":true}]}}